{"id":650,"date":"2020-12-29T17:30:36","date_gmt":"2020-12-29T16:30:36","guid":{"rendered":"http:\/\/localhost\/?page_id=650"},"modified":"2021-01-19T22:07:28","modified_gmt":"2021-01-19T21:07:28","slug":"nort_etym","status":"publish","type":"page","link":"http:\/\/valderdre.fr\/wrdp\/nort_etym\/","title":{"rendered":"nort_etym"},"content":{"rendered":"<table border=\"0\" align=\"center\">\n<tbody>\n<tr>\n<td>\u00a0<img loading=\"lazy\" decoding=\"async\" src=\"http:\/\/www.valderdre.fr\/xjml517\/images\/stories\/pages_web\/nort\/m_nortpano.jpg\" width=\"515\" height=\"111\" border=\"0\" \/><\/td>\n<\/tr>\n<\/tbody>\n<\/table>\n<p align=\"center\"><strong><span style=\"color: #339966;\">Patrimoine fluvial<\/span><\/strong><\/p>\n<p style=\"text-align: justify;\"><span style=\"color: #0000ff;\"><strong><span style=\"color: #3366ff;\">La Cale du Port Mulon<\/span><u><br \/>\n<\/u><\/strong><\/span>La cale de mise \u00e0 l&rsquo;eau a \u00e9t\u00e9 r\u00e9nov\u00e9e en 2000 et permet l&rsquo;amarrage des bateaux de plaisance. Des bornes \u00e9lectriques et l&rsquo;eau sont \u00e0 disposition des plaisanciers.<\/p>\n<p style=\"text-align: justify;\"><span style=\"color: #0000ff;\"><strong><span style=\"color: #3366ff;\">L&rsquo;Erdre<\/span><u><br \/>\n<\/u><\/strong><\/span>Elle prend sa source \u00e0 La Pou\u00ebze (49). Elle traverse l&rsquo;est de la commune du nord au sud, sur une longueur de 15 Km et offre une zone de p\u00eache attractive.<br \/>\nL&rsquo;Erdre a permis l&rsquo;implantation de nombreuses tanneries et de bateaux-lavoirs (aujourd&rsquo;hui disparus) ainsi que de plusieurs minoteries aujourd&rsquo;hui d\u00e9saffect\u00e9es (dont celle situ\u00e9e face au port dans un b\u00e2timent imposant en b\u00e9ton arm\u00e9).<\/p>\n<p style=\"text-align: justify;\"><strong><span style=\"color: #0000ff;\"><span style=\"color: #3366ff;\">Le Port<\/span><u><br \/>\n<\/u><\/span><\/strong>Dit aussi &lt;le Bassin&gt;, il fut construit en 1840 sur l&rsquo;Erdre et a contribu\u00e9 au d\u00e9veloppement commercial de Nort sur Erdre.<\/p>\n<p style=\"text-align: justify;\">Apr\u00e8s avoir connu un trafic important pendant plus d&rsquo;un si\u00e8cle, l&rsquo;activit\u00e9 a cess\u00e9 vers 1970. D\u00e9sormais, gr\u00e2ce \u00e0 des am\u00e9nagements adapt\u00e9s \u00e0 l&rsquo;accueil des plaisanciers (pontons \u00e9quip\u00e9s en eau et \u00e9lectricit\u00e9, halte nautique &#8211; wc, lavabos, douches &#8211; cale de mise \u00e0 l&rsquo;eau et capitainerie), le Port de Plaisance conna\u00eet une nouvelle vocation.<\/p>\n<table border=\"0\" align=\"center\">\n<tbody>\n<tr>\n<td>\n<p align=\"center\">\u00a0<strong>La Cale du Port Mulon<\/strong><\/p>\n<\/td>\n<td>\n<p align=\"center\">\u00a0\u00a0<strong>L&rsquo;Erdre<\/strong><\/p>\n<\/td>\n<td>\n<p align=\"center\">\u00a0<strong>Le Port<\/strong><\/p>\n<\/td>\n<\/tr>\n<tr>\n<td><span style=\"text-decoration: underline;\"><span style=\"color: #3366ff; text-decoration: underline;\"><img decoding=\"async\" src=\"http:\/\/www.valderdre.fr\/xjml517\/images\/stories\/pages_web\/nort\/m_cale01.jpg\" width=\"165\" border=\"0\" \/><\/span><\/span><\/td>\n<td><span style=\"text-decoration: underline;\"><span style=\"color: #3366ff; text-decoration: underline;\"><img loading=\"lazy\" decoding=\"async\" src=\"http:\/\/www.valderdre.fr\/xjml517\/images\/stories\/pages_web\/nort\/m_erdre01.jpg\" width=\"165\" height=\"124\" border=\"0\" \/><\/span><\/span><\/td>\n<td><span style=\"text-decoration: underline;\"><span style=\"color: #3366ff; text-decoration: underline;\">\u00a0<img loading=\"lazy\" decoding=\"async\" src=\"http:\/\/www.valderdre.fr\/xjml517\/images\/stories\/pages_web\/nort\/m_port01.jpg\" width=\"165\" height=\"124\" border=\"0\" \/><\/span><\/span><\/td>\n<\/tr>\n<\/tbody>\n<\/table>\n<p style=\"text-align: justify;\"><strong><span style=\"color: #0000ff;\"><span style=\"color: #3366ff;\">Le Canal de Nantes \u00e0 Brest<\/span><\/span><u><span style=\"color: #0000ff;\"><br \/>\n<\/span><\/u><\/strong>Son embouchure sur l&rsquo;Erdre se situe \u00e0 Quiheix, \u00e0 6 km du centre ville. La commune compte 6 \u00e9cluses. Le projet de relier Nantes aux deux grands ports de guerre bretons (Brest et Lorient) fut approuv\u00e9 en 1810 par Napol\u00e9on 1er.<\/p>\n<p style=\"text-align: justify;\">Apr\u00e8s de longs travaux difficiles, dont certains furent r\u00e9alis\u00e9s par des prisonniers espagnols (entre autre sur le bief de Bout de Bois),. le canal fut livr\u00e9 \u00e0 la navigation sur toute sa longueur (385 km) le 1er janvier 1842.<\/p>\n<p style=\"text-align: justify;\">Le canal connut un trafic important. notamment gr\u00e2ce aux p\u00e9niches. Il ne conserve aujourd&rsquo;hui qu&rsquo;une seule vocation: le tourisme fluvial.<\/p>\n<p style=\"text-align: justify;\"><strong><span style=\"color: #0000ff;\"><span style=\"color: #3366ff;\">La Rigole Alimentaire<\/span><\/span><u><span style=\"color: #0000ff;\"><br \/>\n<\/span><\/u><\/strong>Dite aussi \u00abpetit canal\u00bb, d&rsquo;une longueur de 21,3 Km, elle fut construite de 1833 \u00e0 1836 pour maintenir le niveau d&rsquo;eau du canal. Elle est aliment\u00e9e par le r\u00e9servoir de Vioreau.<\/p>\n<table border=\"0\" align=\"center\">\n<tbody>\n<tr>\n<td>\u00a0<img loading=\"lazy\" decoding=\"async\" src=\"http:\/\/www.valderdre.fr\/xjml517\/images\/stories\/pages_web\/nort\/m_rigole_1.jpg\" width=\"250\" height=\"97\" border=\"0\" \/><\/td>\n<\/tr>\n<\/tbody>\n<\/table>\n<p style=\"text-align: justify;\">Elle emprunte un souterrain de 600 m\u00e8tres et 4 arcades. De nombreux petits ponts de pierre enjambent la rigole. Les bords du petit canal accueillent des sentiers ombrag\u00e9s, de magnifiques arbres et une flore tr\u00e8s vari\u00e9e.<\/p>\n<p align=\"center\"><strong><span style=\"color: #339966;\">Patrimoine Architecturale<\/span><\/strong><\/p>\n<p style=\"text-align: justify;\"><strong><span style=\"color: #0000ff;\"><span style=\"color: #3366ff;\">Les mines de Charbon de Languin<\/span><\/span><u><span style=\"color: #0000ff;\"><br \/>\n<\/span><\/u><\/strong>Les mines de charbon de Languin (\u00e0 l&rsquo;ouest de la commune) ont connu une grande importance dans la r\u00e9gion, d\u00e8s le XVII&rsquo; si\u00e8cle. La fin de l&rsquo;exploitation date de 1863 et, depuis, toute trace a disparu. Cependant, on aper\u00e7oit encore, sur ce site priv\u00e9, la Chapelle des Mineurs, l&rsquo;ancienne maison du Directeur des Mines et un c\u00e8dre du Liban \u00e0 tronc unique, d&rsquo;une circonf\u00e9rence de 6 m\u00e8tres. Class\u00e9, il serait l&rsquo;un des plus vieux de France (1737).<\/p>\n<p style=\"text-align: justify;\"><strong><span style=\"color: #0000ff;\"><span style=\"color: #3366ff;\">Le Pont Saint Georges<\/span><\/span><u><span style=\"color: #0000ff;\"><br \/>\n<\/span><\/u><\/strong>Atout majeur du tourisme nortais, l&rsquo;Erdre a longtemps constitu\u00e9 un obstacle \u00e0 la travers\u00e9e de la ville. Ce n&rsquo;est qu&rsquo;en 1774 que fut achev\u00e9 le pont reliant le quartier Saint Georges au bourg de Nort.<\/p>\n<table border=\"0\" align=\"center\">\n<tbody>\n<tr>\n<td>\u00a0<img loading=\"lazy\" decoding=\"async\" src=\"http:\/\/www.valderdre.fr\/xjml517\/images\/stories\/pages_web\/nort\/m_pontstg1.jpg\" width=\"180\" height=\"135\" border=\"0\" \/><\/td>\n<\/tr>\n<\/tbody>\n<\/table>\n<p style=\"text-align: justify;\">Commenc\u00e9e en 1753, sa construction demandera plus de 20 ans. Long de 218 m, le pont comptait alors 6 arches.<br \/>\nIl fut le th\u00e9\u00e2tre d&rsquo;un tragique \u00e9pisode de la guerre de Vend\u00e9e. Le 27 juin 1793 au soir, un corps de 4000 hommes conduit par Cathelineau et d&rsquo;Elb\u00e9e, arrive \u00e0 Nort pour traverser l&rsquo;Erdre et se heurte au bataillon r\u00e9publicain command\u00e9 par Meuris.<\/p>\n<p style=\"text-align: justify;\">La rue Meuris immortalise le courage des patriotes nortais. La statue Saint Georges ne fut \u00e9rig\u00e9e qu&rsquo;en 1873. Les travaux de restauration du pont en 1995 ont r\u00e9v\u00e9l\u00e9 la perfection de l&rsquo;oeuvre d&rsquo;art.<\/p>\n<p><span style=\"color: #3366ff;\"><strong>L&rsquo;Eglise Saint Christophe<br \/>\n<\/strong><\/span>Cette \u00e9glise remplace l&rsquo;ancienne \u00e9glise Saint-Georges \u00e9difi\u00e9e en 1833 dont il ne subsiste que le clocher qui a \u00e9t\u00e9 achev\u00e9 dix ans plus tard.<br \/>\nAu fil des si\u00e8cles, Nort sur Erdre a connu l&rsquo;\u00e9dification de plusieurs \u00e9glises. Le clocher, isol\u00e9 \u00e0 une dizaine de m\u00e8tres de l&rsquo;\u00e9glise, n&rsquo;a pas fini d&rsquo;intriguer les passants.<br \/>\nL&rsquo;\u00e9glise actuelle, de style n\u00e9ogothique, plus vaste et plus solide que les pr\u00e9c\u00e9dentes, fut \u00e9difi\u00e9e de 1898 \u00e0 1901, selon les plans de l&rsquo;architecte Bougoin. Cependant, pour un probl\u00e8me financier, on d\u00e9cide de surseoir \u00e0 l&rsquo;\u00e9dification du clocher, et on garde l&rsquo;ancien.<br \/>\nCe clocher, qui a connu bien des malheurs, est, depuis plusieurs ann\u00e9es, chapeaut\u00e9 par une terrasse qui sert de base \u00e0 la sir\u00e8ne. Quant aux cloches, elles auraient \u00e9t\u00e9 fondues en 1841.<\/p>\n<table border=\"0\" align=\"center\">\n<tbody>\n<tr>\n<td>\u00a0<img loading=\"lazy\" decoding=\"async\" src=\"http:\/\/www.valderdre.fr\/xjml517\/images\/stories\/pages_web\/nort\/m_eglise1.jpg\" width=\"180\" height=\"135\" border=\"0\" \/><\/td>\n<td>\u00a0<img loading=\"lazy\" decoding=\"async\" src=\"http:\/\/www.valderdre.fr\/xjml517\/images\/stories\/pages_web\/nort\/m_clocher1.jpg\" width=\"101\" height=\"135\" border=\"0\" \/><\/td>\n<\/tr>\n<\/tbody>\n<\/table>\n<p style=\"text-align: justify;\"><strong><span style=\"color: #0000ff;\"><span style=\"color: #3366ff;\">Les vitraux:<\/span><\/span><u><span style=\"color: #0000ff;\"><br \/>\n<\/span><\/u><\/strong>Les vitraux furent r\u00e9alis\u00e9s en 3 grandes campagnes: 1902,1918- 1922, et ceux de la nef ont \u00e9t\u00e9 cr\u00e9\u00e9s sous l&rsquo;abb\u00e9 Bizeul entre 1943 et 1947.<br \/>\nD\u00e8s 1902, les 16 grandes verri\u00e8res du ch\u0153ur \u00e9taient pos\u00e9es par la Manu- facture de Saint Cl\u00e9ment de Nantes. Ce sont des vitraux copiant l&rsquo;art des XIII et XIV si\u00e8cles.<br \/>\nLa ma\u00eetresse vitre est r\u00e9serv\u00e9e au th\u00e8me du Sacr\u00e9 Coeur. On y retrouve aussi la vie des Saints Patrons locaux: St Christophe, St Geor- ges, St Martin&#8230;<br \/>\nLes vitraux des chapelles lat\u00e9rales sont d\u00e9di\u00e9s \u00e0 la Vierge; sur les retours de transepts, la s\u00e9rie des dix verri\u00e8res aux grands Saints de France.<br \/>\nPour conserver ce patrimoine, la commune a entrepris un programme de restauration de l&rsquo;ensemble des vitraux, de 1995 \u00e0 1998.<\/p>\n<p style=\"text-align: justify;\"><strong><span style=\"color: #0000ff;\"><span style=\"color: #3366ff;\">L&rsquo;Orgue:<\/span><\/span><u><span style=\"color: #0000ff;\"><br \/>\n<\/span><\/u><\/strong>Il fut construit en 1884 par Aristide CAVAILLE-COLL, facteur d&rsquo;orgue de renom. C&rsquo;est un orgue totalement expressif, dont nous ne pouvons pas voir les tuyaux, enfonc\u00e9s dans un meuble. Ceci permet, en ouvrant les volets, de forcer ou de diminuer le son, d&rsquo;o\u00f9 le nom \u00abexpressif\u00bb.<br \/>\nSon installation en l&rsquo;\u00e9glise St Christophe date de 1920. &#8211; En 1959 : r\u00e9vision de l&rsquo;instrument par BEUCHET (facteur d&rsquo;orgue nantais) qui n&rsquo;h\u00e9sita pas \u00e0 remplacer un jeu de clarinette d&rsquo;origine par un jeu de clairon. En mai 1995 : achat d&rsquo;une nouvelle soufflerie.<\/p>\n<p align=\"center\"><strong><span style=\"color: #339966;\">Patrimoine naturel<\/span><\/strong><\/p>\n<p style=\"text-align: justify;\"><strong><span style=\"color: #0000ff;\"><span style=\"color: #3366ff;\">L&rsquo;Erdre \u00e0 Vault:<\/span><u><br \/>\n<\/u><\/span><\/strong>L&rsquo;Erdre sauvage, serpentant campagne et sous-bois, permet la pratique du cano\u00eb. Le site de Vault, am\u00e9nag\u00e9 en g\u00eetes ruraux, g\u00eete d&rsquo;\u00e9tape et aire de pique-nique, est un point de d\u00e9part de randonn\u00e9es en direction des arcades.<\/p>\n<p style=\"text-align: justify;\"><strong><span style=\"color: #0000ff;\"><span style=\"color: #3366ff;\">Le Parc du Manoir de la Garenne<\/span><\/span><u><span style=\"color: #0000ff;\"><br \/>\n<\/span><\/u><\/strong>A la sortie de Nort sur Erdre, sur la route d&rsquo;H\u00e9ric, une agr\u00e9able propri\u00e9t\u00e9 communale donne la possibilit\u00e9 aux promeneurs d&rsquo;appr\u00e9cier l&rsquo;all\u00e9e des ch\u00e2taigniers (vieux de plus de 200 ans), le petit bois et son cours d&rsquo;eau (Le Riot) en contrebas. Le Manoir et sa tour carr\u00e9e datent du d\u00e9but du XVIII&rsquo; si\u00e8cle.<br \/>\nLes Marais de Blanche No\u00eb<br \/>\nSitu\u00e9s au sud de la commune, les marais, vaste zone humide \u00e0 proximit\u00e9 de l&rsquo;Erdre, constituent un site ornithologique et aquatique qui permet la d\u00e9couverte de la faune et de la flore caract\u00e9ristiques des marais.<\/p>\n<p style=\"text-align: justify;\"><strong><span style=\"color: #0000ff;\"><span style=\"color: #3366ff;\">Le Parc du Ch\u00e2teau du Port Mulon<\/span><\/span><u><span style=\"color: #0000ff;\"><br \/>\n<\/span><\/u><\/strong>Situ\u00e9 en bordure de l&rsquo;Erdre, ce parc, que l&rsquo;on peut rejoindre \u00e0 partir du plan d&rsquo;eau, offre d&rsquo;agr\u00e9ables balades au milieu d&rsquo;arbres majestueux aux essences rares et vari\u00e9es (une signal\u00e9tique est en place).<br \/>\nQuant au ch\u00e2teau, il remonterait au XVIII&rsquo; si\u00e8cle; aujourd&rsquo;hui, il abrite un Centre de Langues Vivantes, des expositions et des salles de r\u00e9ception.<\/p>\n<table border=\"0\" align=\"center\">\n<tbody>\n<tr>\n<td><img loading=\"lazy\" decoding=\"async\" src=\"http:\/\/www.valderdre.fr\/xjml517\/images\/stories\/pages_web\/nort\/m_chateap1.jpg\" width=\"350\" height=\"131\" border=\"0\" \/><\/td>\n<\/tr>\n<\/tbody>\n<\/table>\n<p style=\"text-align: justify;\">Cette propri\u00e9t\u00e9 de 15ha a appartenu aux familles COINQUET de 1824 \u00e0 1894 et de BEJARY de 1894 \u00e0 1971 avant d&rsquo;\u00eatre acquis par la commune de Nort-sur-Erdre<\/p>\n<p style=\"text-align: justify;\"><strong><span style=\"color: #0000ff;\"><span style=\"color: #3366ff;\">Le Verger Conservatoire de la Garenne<\/span><\/span><u><span style=\"color: #0000ff;\"><br \/>\n<\/span><\/u><\/strong>Le verger, d&rsquo;une superficie de 3000 m2, constitue une v\u00e9ritable m\u00e9moire vivante du patrimoine arboricole, gr\u00e2ce \u00e0 la plantation de 180 vari\u00e9t\u00e9s de pommes sauvegard\u00e9es.<br \/>\nL&rsquo;entretien du verger est assur\u00e9 par les \u00abA\u00een\u00e9s Ruraux\u00bb qui organisent la F\u00eate de la Pomme (le dernier samedi de septembre) et des visites accompagn\u00e9es<\/p>\n","protected":false},"excerpt":{"rendered":"<p>\u00a0 Patrimoine fluvial La Cale du Port Mulon La cale de mise \u00e0 l&rsquo;eau a \u00e9t\u00e9 r\u00e9nov\u00e9e en 2000 et permet l&rsquo;amarrage des bateaux de plaisance. Des bornes \u00e9lectriques et l&rsquo;eau sont \u00e0 disposition des plaisanciers. L&rsquo;Erdre Elle prend sa source \u00e0 La Pou\u00ebze (49). Elle traverse l&rsquo;est de la commune du nord au sud, sur une longueur de 15&#46;&#46;&#46;<\/p>\n","protected":false},"author":1,"featured_media":0,"parent":0,"menu_order":0,"comment_status":"closed","ping_status":"closed","template":"","meta":{"footnotes":""},"class_list":["post-650","page","type-page","status-publish","hentry"],"_links":{"self":[{"href":"http:\/\/valderdre.fr\/wrdp\/wp-json\/wp\/v2\/pages\/650","targetHints":{"allow":["GET"]}}],"collection":[{"href":"http:\/\/valderdre.fr\/wrdp\/wp-json\/wp\/v2\/pages"}],"about":[{"href":"http:\/\/valderdre.fr\/wrdp\/wp-json\/wp\/v2\/types\/page"}],"author":[{"embeddable":true,"href":"http:\/\/valderdre.fr\/wrdp\/wp-json\/wp\/v2\/users\/1"}],"replies":[{"embeddable":true,"href":"http:\/\/valderdre.fr\/wrdp\/wp-json\/wp\/v2\/comments?post=650"}],"version-history":[{"count":5,"href":"http:\/\/valderdre.fr\/wrdp\/wp-json\/wp\/v2\/pages\/650\/revisions"}],"predecessor-version":[{"id":694,"href":"http:\/\/valderdre.fr\/wrdp\/wp-json\/wp\/v2\/pages\/650\/revisions\/694"}],"wp:attachment":[{"href":"http:\/\/valderdre.fr\/wrdp\/wp-json\/wp\/v2\/media?parent=650"}],"curies":[{"name":"wp","href":"https:\/\/api.w.org\/{rel}","templated":true}]}}