{"id":567,"date":"2020-12-06T22:11:08","date_gmt":"2020-12-06T21:11:08","guid":{"rendered":"http:\/\/localhost\/?page_id=567"},"modified":"2021-01-19T22:16:47","modified_gmt":"2021-01-19T21:16:47","slug":"ntes_chateau_ducs","status":"publish","type":"page","link":"http:\/\/valderdre.fr\/wrdp\/ntes_chateau_ducs\/","title":{"rendered":"ntes_chateau_ducs"},"content":{"rendered":"<table class=\"contentpaneopen\">\n<tbody>\n<tr>\n<td valign=\"top\">\n<p class=\"ecrit3\" style=\"text-align: justify;\"><span style=\"color: #0000ff; font-family: arial,helvetica,sans-serif;\"><strong><u><img decoding=\"async\" class=\"alignleft\" src=\"http:\/\/valderdre.fr\/xjml517\/images\/stories\/articles\/chateau_p.jpg\" align=\"left\" border=\"0\" hspace=\"8\" \/><\/u><span style=\"color: #3366ff; font-size: 12pt;\">Ouverture<\/span><\/strong><\/span><\/p>\n<p style=\"text-align: justify;\"><span style=\"font-family: arial,helvetica,sans-serif; font-size: 12pt;\">Le ch\u00e2teau des ducs de Bretagne a rouvert ses portes au public le 09 f\u00e9vrier 2007 apr\u00e8s 15 ans de travaux dont 3 ans de fermeture totale. Monument embl\u00e9matique de l&rsquo;histoire de la Bretagne, le ch\u00e2teau, enti\u00e8rement restaur\u00e9 et largement accessible au public, accueille d\u00e9sormais le nouveau mus\u00e9e d&rsquo;histoire de Nantes, labellis\u00e9 Mus\u00e9e de France et consacr\u00e9 \u00e0 l&rsquo;histoire du site et de la ville.<\/span><\/p>\n<p style=\"text-align: justify;\"><span style=\"color: #3366ff; font-family: arial,helvetica,sans-serif; font-size: 12pt;\"><strong>Un peu d&rsquo;histoire<br \/>\n<\/strong><\/span><span style=\"font-family: arial,helvetica,sans-serif; font-size: 12pt;\">Nous sommes au d\u00e9but du 13\u00e8me si\u00e8cle. Pour d\u00e9fendre la ville, Guy de Thouars, \u00e9poux de Constance, duchesse de Bretagne, fait construire le premier ch\u00e2- teau nantais sur l&#8217;emplacement de la muraille gallo-romaine.<\/span><\/p>\n<p style=\"text-align: justify;\"><span style=\"font-family: arial,helvetica,sans-serif; font-size: 12pt;\">Durant la seconde moiti\u00e9 du 14\u00e8me si\u00e8cle, le \u00ab chastel de la Tour Neuve\u00bb est agrandi par le duc Jean IV de Montfort \u00e0 qui l&rsquo;on doit le Vieux Donjon, unique vestige de cette \u00e9poque.<\/span><\/p>\n<p style=\"text-align: justify;\"><span style=\"font-family: arial,helvetica,sans-serif; font-size: 12pt;\">En 1466, le duc Fran\u00e7ois Il d\u00e9cide de reconstruire le ch\u00e2teau: le nouvel \u00e9difice sera \u00e0 la fois la r\u00e9sidence principale de la cour ducale et une forteresse militaire capable de r\u00e9sister au pouvoir royal.<\/span><\/p>\n<p style=\"text-align: justify;\"><span style=\"font-family: arial,helvetica,sans-serif; font-size: 12pt;\">Une double vocation marqu\u00e9e c\u00f4t\u00e9 cour par un palais r\u00e9sidentiel de tuffeau blanc aux fa\u00e7ades raffin\u00e9es &#8211; Le Grand Gouvemement, la tour de la Couronne d&rsquo;Or, le Grand Logis et, c\u00f4t\u00e9 ville, par sept tours massives de schiste et de granit reli\u00e9es par des courtines et 500 m\u00e8tres de chemin de ronde.<\/span><\/p>\n<p style=\"text-align: justify;\"><span style=\"font-family: arial,helvetica,sans-serif; font-size: 12pt;\">\u00c0 la mort de Fran\u00e7ois Il en 1488, sa fille, Anne, duchesse de Bretagne et deux fois reine de France, reprend les travaux. En 1514, le ch\u00e2teau revient \u00e0 sa fille Claude, mari\u00e9e \u00e0 Fran\u00e7ois 1er. Pour loger la famille royale, il s&rsquo;enrichit d&rsquo;un nouveau b\u00e2timent de style Renaissance: le Logis du Roy, que l&rsquo;on appelle aujourd&rsquo;hui le Petit Gouvernement.<\/span><\/p>\n<p style=\"text-align: justify;\"><span style=\"font-family: arial,helvetica,sans-serif; font-size: 12pt;\">En 1532, l&rsquo;\u00e9difice devient propri\u00e9t\u00e9 royale \u00e0 l&rsquo;occasion du rattachement de la Bretagne au royaume de France.<\/span><\/p>\n<p style=\"text-align: justify;\"><span style=\"font-family: arial,helvetica,sans-serif; font-size: 12pt;\">Au cours des 16\u00e8me et 17\u00e8me si\u00e8cles, le ch\u00e2teau est choisi comme r\u00e9sidence bretonne des rois de France. Un lieu de prestige qui place Nantes au rang des grandes villes provinciales, mais qui ne renonce pas pour autant \u00e0 sa vocation militaire.<\/span><\/p>\n<p style=\"text-align: justify;\"><span style=\"font-family: arial,helvetica,sans-serif; font-size: 12pt;\">Ainsi pendant les guerres de religion, le duc de Mercoeur, gouverneur de Bretagne, renforce les d\u00e9fenses du ch\u00e2teau.<\/span><\/p>\n<p style=\"text-align: justify;\"><span style=\"font-family: arial,helvetica,sans-serif; font-size: 12pt;\">Le 30 avril 1598, Henri IV y signera le fameux \u00e9dit de tol\u00e9rance.<\/span><\/p>\n<p style=\"text-align: justify;\"><span style=\"font-family: arial,helvetica,sans-serif; font-size: 12pt;\">Apr\u00e8s avoir log\u00e9 princes, cours et rois, l&rsquo;\u00e9difice, peu \u00e0 peu d\u00e9laiss\u00e9, change d&rsquo;usage, devient caserne et prison. Il va subir diff\u00e9rents dommages ainsi que des transformations d&rsquo;importance:<\/span><\/p>\n<p style=\"text-align: justify;\"><span style=\"font-family: arial,helvetica,sans-serif; font-size: 12pt;\">&#8211; incendie du Grand Gouvernement en 1670 et reconstruction dans le style classique de l&rsquo;\u00e9poque sur ordre de Louis XIV,<\/span><\/p>\n<p style=\"text-align: justify;\"><span style=\"font-family: arial,helvetica,sans-serif; font-size: 12pt;\">&#8211; transformation du ch\u00e2teau en arsenal au 18\u00e8me si\u00e8cle, avec construction du b\u00e2timent du Harnachement pour abriter l&rsquo;artillerie,<\/span><\/p>\n<p style=\"text-align: justify;\"><span style=\"font-family: arial,helvetica,sans-serif; font-size: 12pt;\">&#8211; explosion de la tour des Espagnols le 25 mai 1800 entrainant la destruction de la chapelle et des archives.<\/span><\/p>\n<p style=\"text-align: justify;\"><span style=\"font-family: arial,helvetica,sans-serif; font-size: 12pt;\">Class\u00e9 monument historique en 1862, le ch\u00e2teau est vendu par l&rsquo;\u00c9tat \u00e0 la Ville de Nantes en 1915.<\/span><\/p>\n<p style=\"text-align: justify;\"><span style=\"font-family: arial,helvetica,sans-serif; font-size: 12pt;\">En 1924, s&rsquo;y installe un mus\u00e9e municipal consacr\u00e9 aux arts d\u00e9coratifs, compl\u00e9t\u00e9 apr\u00e8s-guerre de nouvelles salles abritant les collections du mus\u00e9e d&rsquo;art populaire r\u00e9gional, puis celles du mus\u00e9e des Salorges.<\/span><\/p>\n<p style=\"text-align: justify;\"><span style=\"font-family: arial,helvetica,sans-serif; font-size: 12pt;\">Entre-temps, les troupes allemandes d&rsquo;occupation construisent un bunker dans l&rsquo;enceinte du ch\u00e2teau pour abriter un central t\u00e9l\u00e9phonique.<\/span><\/p>\n<p style=\"text-align: justify;\"><span style=\"font-family: arial,helvetica,sans-serif; font-size: 12pt;\">Avant les travaux actuels, le b\u00e2timent, tr\u00e8s d\u00e9grad\u00e9, ne permettait pas l&rsquo;accueil confortable des visiteurs. Sa restauration permet d\u00e9sormais au public d&rsquo;avoir acc\u00e8s \u00e0 l&rsquo;ensemble des b\u00e2timents et \u00e0 un contenu historique en relation avec le site.<\/span><\/p>\n<table border=\"0\" align=\"center\">\n<tbody>\n<tr>\n<td><span style=\"font-family: arial,helvetica,sans-serif;\">\u00a0<img loading=\"lazy\" decoding=\"async\" src=\"http:\/\/valderdre.fr\/xjml517\/images\/stories\/pages_web\/chateau_duc_8.jpg\" width=\"160\" height=\"120\" border=\"0\" \/><\/span><\/td>\n<td><span style=\"font-family: arial,helvetica,sans-serif;\">\u00a0<img loading=\"lazy\" decoding=\"async\" src=\"http:\/\/valderdre.fr\/xjml517\/images\/stories\/pages_web\/chateau_duc_3.jpg\" width=\"160\" height=\"120\" border=\"0\" \/><\/span><\/td>\n<td><span style=\"font-family: arial,helvetica,sans-serif;\">\u00a0<img loading=\"lazy\" decoding=\"async\" src=\"http:\/\/valderdre.fr\/xjml517\/images\/stories\/pages_web\/chateau_duc_4.jpg\" width=\"160\" height=\"120\" border=\"0\" \/><\/span><\/td>\n<\/tr>\n<\/tbody>\n<\/table>\n<p class=\"ecrit3\" style=\"text-align: left;\"><span style=\"color: #3366ff; font-family: arial,helvetica,sans-serif;\"><strong>Les remparts<br \/>\n<\/strong><\/span><span style=\"font-family: arial,helvetica,sans-serif;\">Pour la premi\u00e8re fois, les 500 m\u00e8tres de chemin de ronde sur les remparts fortifi\u00e9s sont ouverts \u00e0 la promenade.<\/span><\/p>\n<p style=\"text-align: justify;\"><span style=\"font-family: arial,helvetica,sans-serif;\">Tour \u00e0 tour ext\u00e9rieurs et int\u00e9rieurs, ils offrent diff\u00e9rents points de vue, pour la plupart in\u00e9dits sur le monument et sur la ville (la tour LU, la Tour Bretagne, le Bouffay, &#8230;)<\/span><\/p>\n<p style=\"text-align: left;\"><span style=\"color: #3366ff; font-family: arial,helvetica,sans-serif;\"><strong>Deux entr\u00e9es historiques r\u00e9tablies<br \/>\n<\/strong><\/span><span style=\"font-family: arial,helvetica,sans-serif;\">On connait l&rsquo;entr\u00e9e principale du ch\u00e2teau et son acc\u00e8s par le pont dormant en pierre.<\/span><\/p>\n<p style=\"text-align: justify;\"><span style=\"font-family: arial,helvetica,sans-serif;\">Point vuln\u00e9rable de la forteresse, cette entr\u00e9e poss\u00e9dait \u00e0 l&rsquo;origine une herse et deux portes prot\u00e9g\u00e9es par des pont-levis \u00e0 bascule, une grande pour le passage des charrettes et des cavaliers, une plus petite pour le passage des hommes \u00e0 pied.<\/span><\/p>\n<p style=\"text-align: justify;\"><span style=\"font-family: arial,helvetica,sans-serif;\">Apr\u00e8s avoir \u00e9t\u00e9 hors-service pendant des d\u00e9cennies, les pont-levis ont \u00e9t\u00e9 restaur\u00e9s et leur m\u00e9canisme de levage r\u00e9tabli.<\/span><\/p>\n<p style=\"text-align: justify;\"><span style=\"font-family: arial,helvetica,sans-serif;\">On conna\u00eet moins les deux autres entr\u00e9es fortifi\u00e9es condamn\u00e9es depuis fort longtemps: la poterne de Loire sur la fa\u00e7ade sud du ch\u00e2teau construite par Anne de Bretagne entre 1491 et 1494: le pont de Secours sur la fa\u00e7ade nord.<\/span><\/p>\n<table border=\"0\" align=\"center\">\n<tbody>\n<tr>\n<td>\n<p align=\"center\"><span style=\"color: #3366ff;\">\u00a0<strong>La poterne de Loire<\/strong><\/span><\/p>\n<\/td>\n<td>\n<p align=\"center\"><span style=\"color: #3366ff;\">\u00a0<strong>L&rsquo;entr\u00e9e principale<\/strong><\/span><\/p>\n<\/td>\n<td>\n<p align=\"center\"><span style=\"color: #3366ff;\">\u00a0<strong>Le pont de Secours<\/strong><\/span><\/p>\n<\/td>\n<\/tr>\n<tr>\n<td>\u00a0<img loading=\"lazy\" decoding=\"async\" src=\"http:\/\/valderdre.fr\/xjml517\/images\/stories\/pages_web\/chateau_duc_2.jpg\" width=\"169\" height=\"129\" border=\"0\" \/><\/td>\n<td><img loading=\"lazy\" decoding=\"async\" src=\"http:\/\/valderdre.fr\/xjml517\/images\/stories\/pages_web\/chateau_duc_6.jpg\" width=\"131\" height=\"171\" border=\"0\" \/><\/td>\n<td>\u00a0<img loading=\"lazy\" decoding=\"async\" src=\"http:\/\/valderdre.fr\/xjml517\/images\/stories\/pages_web\/chateau_duc_4.jpg\" width=\"172\" height=\"133\" border=\"0\" \/><\/td>\n<\/tr>\n<\/tbody>\n<\/table>\n<p style=\"text-align: justify;\"><span style=\"color: #3366ff;\"><strong>Un jardin dans les douves<br \/>\n<\/strong><\/span>Tout autour du ch\u00e2teau, un nouveau cheminement offre une promenade agr\u00e9able et fra\u00eeche dans un jardin plant\u00e9 de magnolias, arbre embl\u00e9matique de l&rsquo;histoire de Nantes.<\/p>\n<p style=\"text-align: justify;\">La remise en eau des douves, apr\u00e8s traitement, restaure un milieu naturel de qualit\u00e9 o\u00f9 coule une eau vivante.<\/p>\n<p style=\"text-align: justify;\">Au-dessus des magnolias, on peut percevoir la double qualit\u00e9 a la fois r\u00e9sidentielle et d\u00e9fencive du ch\u00e2teau, d\u00e9couvrir un nouveau point de vue sur la tour du Fer a Cheval et au fil du chemin, les entr\u00e9es historiques de la poterne de Loire et du pont de Secours.<\/p>\n<table style=\"width: 51%; height: 171px;\" border=\"0\" align=\"center\">\n<tbody>\n<tr style=\"height: 40px;\">\n<td style=\"height: 40px;\" colspan=\"3\">\n<p align=\"center\"><span style=\"color: #3366ff;\">\u00a0<strong>Les douves<\/strong><\/span><\/p>\n<\/td>\n<\/tr>\n<tr style=\"height: 131px;\">\n<td style=\"height: 131px;\">\u00a0<img loading=\"lazy\" decoding=\"async\" src=\"http:\/\/valderdre.fr\/xjml517\/images\/stories\/pages_web\/chateau_duc_7.jpg\" width=\"159\" height=\"110\" border=\"0\" \/><\/td>\n<td style=\"height: 131px;\"><img loading=\"lazy\" decoding=\"async\" src=\"http:\/\/valderdre.fr\/xjml517\/images\/stories\/pages_web\/chateau_duc_8.jpg\" width=\"153\" height=\"114\" border=\"0\" \/><\/td>\n<td style=\"height: 131px;\">\u00a0<img loading=\"lazy\" decoding=\"async\" src=\"http:\/\/valderdre.fr\/xjml517\/images\/stories\/pages_web\/chateau_duc_9.jpg\" width=\"166\" height=\"121\" border=\"0\" \/><\/td>\n<\/tr>\n<\/tbody>\n<\/table>\n<p class=\"ecrit3\" style=\"text-align: left;\"><span style=\"color: #3366ff;\"><strong>La visite (32 salles):<\/strong><\/span><\/p>\n<ul>\n<li class=\"ecrit1\" style=\"text-align: left;\">Salles 01 \u00e0 05 \u00a0\u00a0\u00a0 Le Ch\u00e2teau, Nantes et la Bretagne jusqu&rsquo;au 17\u00e8me si\u00e8cle<\/li>\n<li class=\"ecrit1\" style=\"text-align: left;\">Salles 06 \u00e0 10 \u00a0\u00a0\u00a0 Nantes fille du fleuve et de l&rsquo;oc\u00e9an<\/li>\n<li class=\"ecrit1\" style=\"text-align: left;\">Salles 11 \u00e0 17 \u00a0\u00a0\u00a0 Le n\u00e9goce et l&rsquo;or noir au 18\u00e8me si\u00e8cle<\/li>\n<li class=\"ecrit1\" style=\"text-align: left;\">Salles 18 \u00a0\u00a0\u00a0\u00a0\u00a0\u00a0\u00a0\u00a0\u00a0\u00a0 Nantes en r\u00e9volution<\/li>\n<li class=\"ecrit1\" style=\"text-align: left;\">Salles 19 \u00e0 26 \u00a0\u00a0\u00a0 Un port industriel et colonial (1815 &#8211; 1940)<\/li>\n<li class=\"ecrit1\" style=\"text-align: left;\">Salles 27 \u00e0 29 \u00a0\u00a0\u00a0 La nouvelle forme d&rsquo;une ville (1940 &#8211; 1990)<\/li>\n<li class=\"ecrit1\" style=\"text-align: left;\">Salles 30 \u00e0 32 \u00a0\u00a0\u00a0 Une m\u00e9tropole atlantique, aujourd&rsquo;hui et demain<\/li>\n<\/ul>\n<p class=\"ecrit1\" style=\"text-align: left;\"><span style=\"color: #3366ff;\"><strong>Horaires<\/strong><\/span><\/p>\n<p style=\"text-align: left;\">Du 15 mai au 15 septembre, ouverture 7 jours sur 7<\/p>\n<p style=\"text-align: left;\">Site: 9h \u00e0 20h, avec nocturnes certains soirs<\/p>\n<p style=\"text-align: left;\">Mus\u00e9e: 9h30 \u00e0 19h<\/p>\n<p style=\"text-align: left;\">Du 16 septembre au 14 mai, ouverture 7 jours sur 7 saul les 1er janvier, 1er mai, 1er novembre et 25 d\u00e9cembre<\/p>\n<p style=\"text-align: left;\">Site: 10h \u00e0 19h<\/p>\n<p style=\"text-align: left;\">Mus\u00e9e: 10h \u00e0 18h, ferm\u00e9 le mardi, le 1er janvier, le 1er mai, le 1er novembre et le 25 d\u00e9cembre<\/p>\n<\/td>\n<\/tr>\n<\/tbody>\n<\/table>\n","protected":false},"excerpt":{"rendered":"<p>Ouverture Le ch\u00e2teau des ducs de Bretagne a rouvert ses portes au public le 09 f\u00e9vrier 2007 apr\u00e8s 15 ans de travaux dont 3 ans de fermeture totale. Monument embl\u00e9matique de l&rsquo;histoire de la Bretagne, le ch\u00e2teau, enti\u00e8rement restaur\u00e9 et largement accessible au public, accueille d\u00e9sormais le nouveau mus\u00e9e d&rsquo;histoire de Nantes, labellis\u00e9 Mus\u00e9e de France et consacr\u00e9 \u00e0 l&rsquo;histoire&#46;&#46;&#46;<\/p>\n","protected":false},"author":1,"featured_media":0,"parent":0,"menu_order":0,"comment_status":"closed","ping_status":"closed","template":"","meta":{"footnotes":""},"class_list":["post-567","page","type-page","status-publish","hentry"],"_links":{"self":[{"href":"http:\/\/valderdre.fr\/wrdp\/wp-json\/wp\/v2\/pages\/567","targetHints":{"allow":["GET"]}}],"collection":[{"href":"http:\/\/valderdre.fr\/wrdp\/wp-json\/wp\/v2\/pages"}],"about":[{"href":"http:\/\/valderdre.fr\/wrdp\/wp-json\/wp\/v2\/types\/page"}],"author":[{"embeddable":true,"href":"http:\/\/valderdre.fr\/wrdp\/wp-json\/wp\/v2\/users\/1"}],"replies":[{"embeddable":true,"href":"http:\/\/valderdre.fr\/wrdp\/wp-json\/wp\/v2\/comments?post=567"}],"version-history":[{"count":10,"href":"http:\/\/valderdre.fr\/wrdp\/wp-json\/wp\/v2\/pages\/567\/revisions"}],"predecessor-version":[{"id":697,"href":"http:\/\/valderdre.fr\/wrdp\/wp-json\/wp\/v2\/pages\/567\/revisions\/697"}],"wp:attachment":[{"href":"http:\/\/valderdre.fr\/wrdp\/wp-json\/wp\/v2\/media?parent=567"}],"curies":[{"name":"wp","href":"https:\/\/api.w.org\/{rel}","templated":true}]}}