{"id":486,"date":"2015-01-15T15:29:48","date_gmt":"2015-01-15T14:29:48","guid":{"rendered":"http:\/\/localhost\/?page_id=486"},"modified":"2020-12-09T16:20:18","modified_gmt":"2020-12-09T15:20:18","slug":"canal_chiffres","status":"publish","type":"page","link":"http:\/\/valderdre.fr\/wrdp\/canal_chiffres\/","title":{"rendered":"canal_chiffres"},"content":{"rendered":"<p><span style=\"color: #3366ff; font-family: arial,helvetica,sans-serif; font-size: 12pt;\"><b>Le canal:<\/b><\/span><\/p>\n<ul>\n<li style=\"text-align: justify;\"><span style=\"font-family: arial,helvetica,sans-serif; font-size: 12pt;\"><span style=\"font-family: arial,helvetica,sans-serif; font-size: 12pt;\"><span style=\"color: #3366ff;\"><b>364<\/b>\u00a0<\/span>kilom\u00e8tres,<\/span><\/span><\/li>\n<li style=\"text-align: justify;\"><span style=\"font-family: arial,helvetica,sans-serif; font-size: 12pt;\"><span style=\"font-family: arial,helvetica,sans-serif; font-size: 12pt;\"><span style=\"color: #3366ff;\"><b>238<\/b>\u00a0<\/span>\u00e9cluses pour franchir\u00a0<span style=\"color: #3366ff;\"><b>555<\/b>\u00a0<\/span>m\u00e8tres de d\u00e9nivellation. La derni\u00e8re \u00e9cluse, celle de Guily-Glas, sur l&rsquo;Aulne, porte le num\u00e9ro 237, mais il existe \u00e0 Redon une \u00e9cluse qui porte le num\u00e9ro 17Bis, ce qui fait un total de\u00a0<b>238<\/b>\u00a0\u00e9cluses.<\/span><\/span><\/li>\n<li style=\"text-align: justify;\"><span style=\"font-family: arial,helvetica,sans-serif; font-size: 12pt;\"><span style=\"font-family: arial,helvetica,sans-serif; font-size: 12pt;\"><span style=\"color: #3366ff;\"><b>8<\/b>\u00a0<\/span>rivi\u00e8res ou ruisseaux am\u00e9nag\u00e9s,\u00a0<b>l&rsquo;Erdre<\/b>,\u00a0<b>l&rsquo;Issac<\/b>,\u00a0<b>L&rsquo;Oust<\/b>, le\u00a0<b>Blavet<\/b>, le\u00a0<b>Dor\u00e9<\/b>, le\u00a0<b>Kergoat<\/b>,\u00a0<b>l&rsquo;Hy\u00e8re<\/b>,\u00a0<b>l&rsquo;Aulne<\/b>.<\/span><\/span><\/li>\n<li style=\"text-align: justify;\"><span style=\"font-family: arial,helvetica,sans-serif; font-size: 12pt;\"><span style=\"font-family: arial,helvetica,sans-serif; font-size: 12pt;\"><span style=\"color: #3366ff;\"><b>3<\/b>\u00a0<\/span>biefs de partage: Bout-de-Bois (altitude 20 m\u00e8tres), Hilvern (altitude 129 m\u00e8tres), Glomel (altitude 184 m\u00e8tres).<\/span><\/span><\/li>\n<li style=\"text-align: justify;\"><span style=\"font-family: arial,helvetica,sans-serif; font-size: 12pt;\"><span style=\"font-family: arial,helvetica,sans-serif; font-size: 12pt;\"><span style=\"color: #3366ff;\"><b>3<\/b>\u00a0<\/span>barrages r\u00e9servoires pour alimenter ces biefs: Vioreau ( 8 millions de m\u00e8tres cubes), Bosm\u00e9l\u00e9ac (3 milions de m\u00e8tres cubes), Korong (3 millions de m\u00e8tres cubes).<\/span><\/span><\/li>\n<li style=\"text-align: justify;\"><span style=\"font-family: arial,helvetica,sans-serif; font-size: 12pt;\"><span style=\"font-family: arial,helvetica,sans-serif; font-size: 12pt;\"><span style=\"font-family: arial,helvetica,sans-serif; font-size: 12pt;\">Co\u00fbt des travaux,\u00a0<span style=\"color: #3366ff;\"><b>60<\/b>\u00a0<\/span>millions de francs or de 1860, soit\u00a0<span style=\"color: #3366ff;\"><b>150<\/b>\u00a0<\/span>millions d&rsquo;euros (400 000 euros au kilom\u00e8tre).<\/span><\/span><\/span><\/li>\n<li style=\"text-align: justify;\"><span style=\"font-family: arial,helvetica,sans-serif; font-size: 12pt;\"><span style=\"font-family: arial,helvetica,sans-serif; font-size: 12pt;\"><span style=\"font-family: arial,helvetica,sans-serif; font-size: 12pt;\"><span style=\"font-family: arial,helvetica,sans-serif; font-size: 12pt;\">Cubage de pierres utilis\u00e9:\u00a0<span style=\"color: #3366ff;\"><b>2 300 000<\/b>\u00a0<\/span>m\u00e8tres cubes, soit l&rsquo;\u00e9quivalent de la pyramide de K\u00e9ops.<\/span><\/span><\/span><\/span><\/li>\n<li style=\"text-align: justify;\"><span style=\"font-family: arial,helvetica,sans-serif; font-size: 12pt;\"><span style=\"font-family: arial,helvetica,sans-serif; font-size: 12pt;\"><span style=\"font-family: arial,helvetica,sans-serif; font-size: 12pt;\"><span style=\"font-family: arial,helvetica,sans-serif; font-size: 12pt;\">Tous les travaux de terrassement on \u00e9t\u00e9 enti\u00e8rement r\u00e9alis\u00e9s \u00e0 la main, \u00e0 la pelle, \u00e0 la pioche, \u00e0 la brouette et \u00e0 la hotte.<\/span><\/span><\/span><\/span><\/li>\n<\/ul>\n<table class=\"mceVisualAid\" border=\"0\" align=\"center\">\n<tbody>\n<tr>\n<td class=\"mceVisualAid\">\u00a0<img decoding=\"async\" src=\"http:\/\/www.valderdre.fr\/xjml517\/images\/stories\/canal\/100_5595.jpg\" border=\"0\" \/><\/td>\n<\/tr>\n<tr>\n<td class=\"mceVisualAid\">\n<p align=\"center\">\u00a0<span style=\"color: #008080;\"><b>Bateaux sur le canal de Nantes \u00e0 Brest le 12 octobre 2008<\/b><\/span><\/p>\n<\/td>\n<\/tr>\n<\/tbody>\n<\/table>\n","protected":false},"excerpt":{"rendered":"<p>Le canal: 364\u00a0kilom\u00e8tres, 238\u00a0\u00e9cluses pour franchir\u00a0555\u00a0m\u00e8tres de d\u00e9nivellation. La derni\u00e8re \u00e9cluse, celle de Guily-Glas, sur l&rsquo;Aulne, porte le num\u00e9ro 237, mais il existe \u00e0 Redon une \u00e9cluse qui porte le num\u00e9ro 17Bis, ce qui fait un total de\u00a0238\u00a0\u00e9cluses. 8\u00a0rivi\u00e8res ou ruisseaux am\u00e9nag\u00e9s,\u00a0l&rsquo;Erdre,\u00a0l&rsquo;Issac,\u00a0L&rsquo;Oust, le\u00a0Blavet, le\u00a0Dor\u00e9, le\u00a0Kergoat,\u00a0l&rsquo;Hy\u00e8re,\u00a0l&rsquo;Aulne. 3\u00a0biefs de partage: Bout-de-Bois (altitude 20 m\u00e8tres), Hilvern (altitude 129 m\u00e8tres), Glomel (altitude 184 m\u00e8tres).&#46;&#46;&#46;<\/p>\n","protected":false},"author":1,"featured_media":0,"parent":0,"menu_order":0,"comment_status":"closed","ping_status":"closed","template":"","meta":{"footnotes":""},"class_list":["post-486","page","type-page","status-publish","hentry"],"_links":{"self":[{"href":"http:\/\/valderdre.fr\/wrdp\/wp-json\/wp\/v2\/pages\/486","targetHints":{"allow":["GET"]}}],"collection":[{"href":"http:\/\/valderdre.fr\/wrdp\/wp-json\/wp\/v2\/pages"}],"about":[{"href":"http:\/\/valderdre.fr\/wrdp\/wp-json\/wp\/v2\/types\/page"}],"author":[{"embeddable":true,"href":"http:\/\/valderdre.fr\/wrdp\/wp-json\/wp\/v2\/users\/1"}],"replies":[{"embeddable":true,"href":"http:\/\/valderdre.fr\/wrdp\/wp-json\/wp\/v2\/comments?post=486"}],"version-history":[{"count":6,"href":"http:\/\/valderdre.fr\/wrdp\/wp-json\/wp\/v2\/pages\/486\/revisions"}],"predecessor-version":[{"id":604,"href":"http:\/\/valderdre.fr\/wrdp\/wp-json\/wp\/v2\/pages\/486\/revisions\/604"}],"wp:attachment":[{"href":"http:\/\/valderdre.fr\/wrdp\/wp-json\/wp\/v2\/media?parent=486"}],"curies":[{"name":"wp","href":"https:\/\/api.w.org\/{rel}","templated":true}]}}