{"id":213,"date":"2020-10-31T18:55:14","date_gmt":"2020-10-31T17:55:14","guid":{"rendered":"http:\/\/localhost\/?page_id=213"},"modified":"2020-12-09T16:23:16","modified_gmt":"2020-12-09T15:23:16","slug":"erdre_detournement","status":"publish","type":"page","link":"http:\/\/valderdre.fr\/wrdp\/erdre_detournement\/","title":{"rendered":"erdre_detournement"},"content":{"rendered":"<table>\n<tbody>\n<tr>\n<td valign=\"top\">\n<p style=\"text-align: justify;\" align=\"justify\"><span style=\"font-family: Arial; font-size: 16px;\"><img loading=\"lazy\" decoding=\"async\" class=\"alignleft\" src=\"http:\/\/valderdre.fr\/xjml517\/images\/stories\/erdre\/ntes_020.jpg\" width=\"150\" height=\"200\" align=\"left\" border=\"0\" hspace=\"8\" \/><span style=\"font-size: 12pt;\"><strong><u><span style=\"color: #0000ff;\">Le d\u00e9tournement de l&rsquo;Erdre<\/span><\/u><\/strong><\/span><br \/>\n<\/span><\/p>\n<p style=\"text-align: justify;\" align=\"justify\"><span style=\"font-size: 12pt;\"><span style=\"font-family: Arial;\">En 1925, l&rsquo;Erdre est int\u00e9gr\u00e9 dans les grands travaux du port de NANTES. Le minist\u00e8re des Travaux publics ayant donn\u00e9 la priorit\u00e9 au\u00a0<\/span><span style=\"color: #000000; font-family: Arial;\">comblement<\/span><span style=\"font-family: Arial;\">\u00a0des bras nord de la Loire, la ville reprend \u00e0 son compte le chantier de l&rsquo;Erdre.<\/span><\/span><\/p>\n<p style=\"text-align: justify;\" align=\"justify\"><span style=\"font-family: Arial; font-size: 12pt;\">Les travaux sont pay\u00e9s dans le cadre du plan Dawes pour les r\u00e9parations de guerre 14-18.<\/span><\/p>\n<p style=\"text-align: justify;\" align=\"justify\"><span style=\"font-family: Arial; font-size: 12pt;\">Durant l&rsquo;\u00e9t\u00e9 1927, le conseil municipal doit donner son aval au projet afin que les d\u00e9lais administratifs ne soient pas d\u00e9pass\u00e9s.<\/span><\/p>\n<p style=\"text-align: justify;\" align=\"justify\"><span style=\"font-family: Arial; font-size: 12pt;\">L&rsquo;ann\u00e9e 1928 est occup\u00e9e \u00e0 la mise au point d\u00e9taill\u00e9e du financement, aux appels d&rsquo;offres et \u00e0 la d\u00e9finition pr\u00e9cise des travaux. Ceux-ci commencent d\u00e8s la fin de l&rsquo;ann\u00e9e suivante.<\/span><\/p>\n<p style=\"text-align: justify;\" align=\"justify\"><span style=\"color: #3366ff; font-family: Arial; font-size: 12pt;\"><strong>En ce qui concerne le d\u00e9tournement, deux op\u00e9rations doivent \u00eatre men\u00e9es \u00e0 bien.<\/strong><\/span><\/p>\n<p style=\"text-align: justify;\" align=\"justify\"><span style=\"font-family: Arial; font-size: 12pt;\"><span style=\"color: #008000;\"><span style=\"color: #3366ff;\"><strong>1)<\/strong>\u00a0<strong>Le creusement d&rsquo;un tunnel<\/strong><\/span>,<\/span>\u00a0depuis le bassin Ceineray jusqu&rsquo;au Canal Saint-F\u00e9lix, en passant sous les cours Saint-Andr\u00e9 et Saint-Pierre puis sous la place de la Duchesse Anne.<\/span><\/p>\n<p style=\"text-align: justify;\" align=\"justify\"><span style=\"font-family: Arial; font-size: 12pt;\"><span style=\"color: #3366ff;\"><strong>2)<\/strong>\u00a0<strong>l&rsquo;am\u00e9nagement du canal Saint-F\u00e9lix<\/strong><\/span>\u00a0avec barrage \u00e9clus\u00e9.<\/span><\/p>\n<p style=\"text-align: justify;\" align=\"justify\"><span style=\"font-family: Arial; font-size: 12pt;\">Les travaux sont rondement men\u00e9s, puisque un peu plus de quatre ans suffisent pour la r\u00e9alisation.<\/span><\/p>\n<p style=\"text-align: justify;\" align=\"justify\"><span style=\"font-size: 12pt;\"><span style=\"font-family: Arial;\">Deux entreprises r\u00e9alisent le tunnel, long de 740m. L&rsquo;entreprise\u00a0<\/span><span style=\"color: #3366ff; font-family: Arial;\"><strong>Karl Brant<\/strong><\/span><span style=\"font-family: Arial;\">\u00a0construit le souterrain de 550m qui passe sous les cours. Surmont\u00e9 d&rsquo;une voute circulaire, il a une largeur de 7.90m, ce qui impose un passage \u00e0 sens unique.<\/span><\/span><\/p>\n<p style=\"text-align: justify;\" align=\"justify\"><span style=\"font-family: Arial; font-size: 12pt;\">Cette solution est finalement retenue car moins on\u00e9reuse qu&rsquo;une double voie. Toutefois, une zone d&rsquo;\u00e9vitement est pr\u00e9vue au milieu du tunel.<\/span><\/p>\n<p style=\"text-align: justify;\" align=\"justify\"><span style=\"font-family: Arial; font-size: 12pt;\">Les \u00e9tablissements Ducos de Nantes, r\u00e9alise la construction de la galerie couverte sous la place de la Duchesse-Anne, de section rectangulaire et large de 8.50m.<\/span><\/p>\n<p style=\"text-align: justify;\" align=\"justify\"><span style=\"font-size: 12pt;\"><span style=\"font-family: Arial;\">Les travaux du bras Saint-F\u00e9lix, font \u00e9galement intervenir 2 entreprises nantaises, l&rsquo;entreprise Bernard, pour tout ce qui est ma\u00e7onnerie, et les \u00e9tablissements Paris, pour les ouvrages m\u00e9talliques de l&rsquo;\u00e9cluse.<\/span><img loading=\"lazy\" decoding=\"async\" class=\"alignright\" src=\"http:\/\/valderdre.fr\/xjml517\/images\/stories\/erdre\/ntes_026.jpg\" width=\"120\" height=\"180\" align=\"right\" border=\"0\" hspace=\"8\" \/><\/span><\/p>\n<p style=\"text-align: justify;\" align=\"justify\"><span style=\"font-family: Arial; font-size: 12pt;\">Au niveau de l&rsquo;Erdre, ce bras est transform\u00e9 en un vaste bassin \u00e0 flot de 3.5ha, avec terre-pleins autour r\u00e9cup\u00e9r\u00e9s par le comblement de la partie Est. Il communique avec la loire par une \u00e9cluse de 50m de longueur utilie, sur 7m de large, ferm\u00e9s par deux portes m\u00e9talliques install\u00e9es en 1932.<\/span><\/p>\n<p style=\"text-align: justify;\" align=\"justify\"><span style=\"font-family: Arial; font-size: 12pt;\">Ces portes de 8m sur 8m et de 70cm d&rsquo;\u00e9paisseur p\u00e8sent pres de 17 tonnes chacune. Elles se l\u00e8vent verticalement ce qui est une premi\u00e8re en France.<\/span><\/p>\n<p style=\"text-align: justify;\" align=\"justify\"><span style=\"font-family: Arial; font-size: 12pt;\">La mise en eau du canal est effectu\u00e9e le 24 mars 1934, et le 5 avril, l&rsquo;ouvrage est inaugur\u00e9 officiellement.<\/span><\/p>\n<p style=\"text-align: justify;\" align=\"justify\"><span style=\"font-family: Arial; font-size: 12pt;\">\u00a0<span style=\"color: #3366ff;\">&lt;&lt; Ce barrage \u00e9cluse prot\u00e8gera d\u00e9sormais la vall\u00e9e de l&rsquo;Erdre et les bas quartiers de la ville contre les crues de la Loire jusqu_\u00e0 la cote plus 10, sup\u00e9rieure de plus d&rsquo;un m\u00e8tre \u00e0 celle que donnerait aujourd&rsquo;hui la grande cruie de 1910.<\/span><\/span><\/p>\n<p style=\"text-align: justify;\" align=\"justify\"><span style=\"font-family: Arial; font-size: 12pt;\">les travaux qui on exig\u00e9 l&rsquo;extraction de 123 000m3 de d\u00e9blais, dont 75 000 de rocher, et la mise en oeuvre de 46 000m3 de ma\u00e7onnerie, ont pr\u00e9sent\u00e9 des difficult\u00e9s du fait surtout de la grande profondeur de l&rsquo;ouvrage sous le niveau de la rivi\u00e8re et du fleuve, de son ex\u00e9cution en plein centre ville, et de reprises en sous-oeuvre sous les monuments aux morts de la guerre de 1870 et de la guerre de 1914-1918, sous la chauss\u00e9e du quai de Richebourg et sous les voies ferr\u00e9es de la Compagnie d&rsquo;Orl\u00e9ans.<br \/>\n<\/span><\/p>\n<table border=\"1\" align=\"center\">\n<tbody>\n<tr>\n<td style=\"text-align: justify;\"><span style=\"font-size: 12pt;\">\u00a0<img loading=\"lazy\" decoding=\"async\" src=\"http:\/\/valderdre.fr\/xjml517\/images\/stories\/erdre\/ntes_022.jpg\" width=\"180\" height=\"102\" border=\"0\" \/><\/span><\/td>\n<td>\n<p align=\"center\">\u00a0<img decoding=\"async\" src=\"http:\/\/valderdre.fr\/xjml517\/images\/stories\/erdre\/ntes_021.jpg\" height=\"200\" border=\"0\" \/><\/p>\n<\/td>\n<td>\n<p align=\"center\">\u00a0<img loading=\"lazy\" decoding=\"async\" src=\"http:\/\/valderdre.fr\/xjml517\/images\/stories\/erdre\/ntes_023.jpg\" width=\"180\" height=\"107\" border=\"0\" \/><\/p>\n<\/td>\n<\/tr>\n<tr>\n<td>\n<p align=\"center\">\u00a0<span style=\"color: #0000ff;\"><span style=\"font-family: 'Times New Roman';\"><span style=\"font-family: Arial; font-size: 12px;\">Entr\u00e9e du tunnel apr\u00e8s<br \/>\n<\/span><\/span><span style=\"font-family: 'Times New Roman';\"><span style=\"font-family: Arial; font-size: 12px;\">l&rsquo;ach\u00e8vement des travaux.<\/span><\/span><\/span><\/p>\n<\/td>\n<td>\n<p align=\"center\">\u00a0<span style=\"color: #0000ff;\"><span style=\"font-family: 'Times New Roman';\"><span style=\"font-family: Arial; font-size: 12px;\">D\u00e9tournement de<\/span><\/span>\u00a0<span style=\"font-family: 'Times New Roman';\"><span style=\"font-family: Arial; font-size: 12px;\">l&rsquo;Erdre. Entr\u00e9e du tunnel c\u00f4t\u00e9 Ceinerey pendant le chantier<\/span><\/span><\/span><\/p>\n<\/td>\n<td>\n<p align=\"center\">\u00a0<span style=\"font-family: 'Times New Roman';\"><span style=\"color: #0000ff; font-family: Arial; font-size: 12px;\">D\u00e9tournement de l&rsquo;Erdre. Creusement du canal Saint-F\u00e9lix sous la place de la Duchesse Anne en mai 1930<\/span><\/span><\/p>\n<\/td>\n<\/tr>\n<\/tbody>\n<\/table>\n<table border=\"1\" align=\"center\">\n<tbody>\n<tr>\n<td><img loading=\"lazy\" decoding=\"async\" src=\"http:\/\/valderdre.fr\/xjml517\/images\/stories\/erdre\/ntes_024.jpg\" width=\"200\" height=\"117\" border=\"0\" \/><\/td>\n<td><\/td>\n<td>\u00a0<img loading=\"lazy\" decoding=\"async\" src=\"http:\/\/valderdre.fr\/xjml517\/images\/stories\/erdre\/ntes_025.jpg\" width=\"200\" height=\"117\" border=\"0\" \/><\/td>\n<\/tr>\n<tr>\n<td>\n<p align=\"center\">\u00a0<span style=\"font-family: 'Times New Roman';\"><span style=\"color: #0000ff; font-family: Arial; font-size: 12px;\">Construction de la voute du futur canal<br \/>\nSaint-F\u00e9lix en d\u00e9cembre 1931<\/span><\/span><\/p>\n<\/td>\n<td><\/td>\n<td>\n<p align=\"center\">\u00a0<span style=\"color: #0000ff;\"><span style=\"font-family: 'Arial';\"><span style=\"font-family: Arial; font-size: 12px;\">Inauguration du tunnel de l&rsquo;Erdre<br \/>\nle 5 avril 1934<\/span><\/span><\/span><\/p>\n<\/td>\n<\/tr>\n<\/tbody>\n<\/table>\n<\/td>\n<\/tr>\n<\/tbody>\n<\/table>\n","protected":false},"excerpt":{"rendered":"<p>Le d\u00e9tournement de l&rsquo;Erdre En 1925, l&rsquo;Erdre est int\u00e9gr\u00e9 dans les grands travaux du port de NANTES. Le minist\u00e8re des Travaux publics ayant donn\u00e9 la priorit\u00e9 au\u00a0comblement\u00a0des bras nord de la Loire, la ville reprend \u00e0 son compte le chantier de l&rsquo;Erdre. Les travaux sont pay\u00e9s dans le cadre du plan Dawes pour les r\u00e9parations de guerre 14-18. Durant l&rsquo;\u00e9t\u00e9&#46;&#46;&#46;<\/p>\n","protected":false},"author":1,"featured_media":0,"parent":0,"menu_order":0,"comment_status":"closed","ping_status":"closed","template":"","meta":{"footnotes":""},"class_list":["post-213","page","type-page","status-publish","hentry"],"_links":{"self":[{"href":"http:\/\/valderdre.fr\/wrdp\/wp-json\/wp\/v2\/pages\/213","targetHints":{"allow":["GET"]}}],"collection":[{"href":"http:\/\/valderdre.fr\/wrdp\/wp-json\/wp\/v2\/pages"}],"about":[{"href":"http:\/\/valderdre.fr\/wrdp\/wp-json\/wp\/v2\/types\/page"}],"author":[{"embeddable":true,"href":"http:\/\/valderdre.fr\/wrdp\/wp-json\/wp\/v2\/users\/1"}],"replies":[{"embeddable":true,"href":"http:\/\/valderdre.fr\/wrdp\/wp-json\/wp\/v2\/comments?post=213"}],"version-history":[{"count":12,"href":"http:\/\/valderdre.fr\/wrdp\/wp-json\/wp\/v2\/pages\/213\/revisions"}],"predecessor-version":[{"id":603,"href":"http:\/\/valderdre.fr\/wrdp\/wp-json\/wp\/v2\/pages\/213\/revisions\/603"}],"wp:attachment":[{"href":"http:\/\/valderdre.fr\/wrdp\/wp-json\/wp\/v2\/media?parent=213"}],"curies":[{"name":"wp","href":"https:\/\/api.w.org\/{rel}","templated":true}]}}